{"id":2463,"date":"2025-09-18T10:38:47","date_gmt":"2025-09-18T08:38:47","guid":{"rendered":"https:\/\/camping-emeraude-verdon.fr\/bar-restaurant-aups\/"},"modified":"2026-01-12T11:45:16","modified_gmt":"2026-01-12T10:45:16","slug":"bar-restaurant-aups","status":"publish","type":"page","link":"https:\/\/camping-emeraude-verdon.fr\/en\/bar-restaurant-aups\/","title":{"rendered":"Bar-Restaurant"},"content":{"rendered":"\n<div class=\"wp-block-group alignfull section-one is-layout-flow wp-block-group-is-layout-flow\" style=\"margin-top:0px;padding-top:var(--wp--preset--spacing--60);padding-right:var(--wp--preset--spacing--50);padding-bottom:var(--wp--preset--spacing--50);padding-left:var(--wp--preset--spacing--50)\">\n<div class=\"wp-block-columns are-vertically-aligned-center is-layout-flex wp-container-core-columns-is-layout-28f84493 wp-block-columns-is-layout-flex\">\n<div class=\"wp-block-column is-vertically-aligned-center is-layout-flow wp-block-column-is-layout-flow\" style=\"padding-right:var(--wp--preset--spacing--30);padding-left:var(--wp--preset--spacing--40)\">\n<h1 class=\"wp-block-heading\" style=\"padding-bottom:var(--wp--preset--spacing--20);padding-left:0\"><strong>Bar-Restaurant<\/strong> <em>near the Gorges du Verdon<\/em><\/h1>\n\n\n\n<p>Au <a href=\"https:\/\/camping-emeraude-verdon.fr\/en\/\" data-type=\"page\" data-id=\"106\">camping pr\u00e8s des Gorges du Verdon<\/a>, notre Bar-Restaurant vous invite \u00e0 savourer des <strong>moments de convivialit\u00e9 et de d\u00e9tente<\/strong>. Situ\u00e9 au c\u0153ur du camping, dans un cadre naturel et apaisant, le restaurant dans le Var propose une s\u00e9lection de <strong>snacks simples et d\u00e9licieux<\/strong> ! Que vous soyez en qu\u00eate d&#8217;un repas en famille ou d&#8217;un moment de relaxation apr\u00e8s une journ\u00e9e d&#8217;activit\u00e9s, notre Bar-Restaurant est l&#8217;endroit parfait pour passer un agr\u00e9able moment. Savourez nos d\u00e9licieux repas tout en profitant de l\u2019ambiance chaleureuse du camping et de la beaut\u00e9 de la r\u00e9gion.<br\/><\/p>\n<\/div>\n\n\n\n<div class=\"wp-block-column is-vertically-aligned-center is-layout-flow wp-block-column-is-layout-flow\" style=\"padding-right:0;padding-left:var(--wp--preset--spacing--30)\">\n<figure class=\"wp-block-image size-full has-custom-border animated fadeInRight slow\"><img decoding=\"async\" width=\"2560\" height=\"2560\" src=\"https:\/\/camping-emeraude-verdon.fr\/wp-content\/uploads\/2025\/12\/restuarant-camping-emeraude-scaled.jpg\" alt=\"restuarant camping emeraude\" class=\"wp-image-2721\" style=\"border-radius:30px\" srcset=\"https:\/\/camping-emeraude-verdon.fr\/wp-content\/uploads\/2025\/12\/restuarant-camping-emeraude-scaled.jpg 2560w, https:\/\/camping-emeraude-verdon.fr\/wp-content\/uploads\/2025\/12\/restuarant-camping-emeraude-300x300.jpg 300w, https:\/\/camping-emeraude-verdon.fr\/wp-content\/uploads\/2025\/12\/restuarant-camping-emeraude-1024x1024.jpg 1024w, https:\/\/camping-emeraude-verdon.fr\/wp-content\/uploads\/2025\/12\/restuarant-camping-emeraude-150x150.jpg 150w, https:\/\/camping-emeraude-verdon.fr\/wp-content\/uploads\/2025\/12\/restuarant-camping-emeraude-768x768.jpg 768w, https:\/\/camping-emeraude-verdon.fr\/wp-content\/uploads\/2025\/12\/restuarant-camping-emeraude-1536x1536.jpg 1536w, https:\/\/camping-emeraude-verdon.fr\/wp-content\/uploads\/2025\/12\/restuarant-camping-emeraude-2048x2048.jpg 2048w\" sizes=\"(max-width: 2560px) 100vw, 2560px\" \/><\/figure>\n<\/div>\n<\/div>\n<\/div>\n\n<div class=\"wp-block-group alignfull section-two is-layout-flow wp-block-group-is-layout-flow\">\n<div data-swiper=\"{&quot;speed&quot;:1000,&quot;autoplay&quot;:{&quot;delay&quot;:5000,&quot;disableOnInteraction&quot;:false},&quot;spaceBetween&quot;:0,&quot;slidesPerView&quot;:1,&quot;pagination&quot;:{&quot;el&quot;:&quot;.swiper-pagination&quot;,&quot;dynamicBullets&quot;:true,&quot;clickable&quot;:true,&quot;type&quot;:&quot;bullets&quot;},&quot;navigation&quot;:{&quot;nextEl&quot;:&quot;.swiper-button-next&quot;,&quot;prevEl&quot;:&quot;.swiper-button-prev&quot;},&quot;breakpoints&quot;:[{&quot;slidesPerView&quot;:1}]}\" class=\"wp-block-cover is-light has-parallax\" style=\"min-height:70vh;aspect-ratio:unset;\"><div role=\"img\" aria-label=\"bar restaurant pizza emeraude du verdon camping\" class=\"wp-block-cover__image-background wp-image-2947 size-full has-parallax\" style=\"background-position:50% 50%;background-image:url(https:\/\/camping-emeraude-verdon.fr\/wp-content\/uploads\/2025\/12\/bar-restaurant-pizza-emeraude-du-verdon-camping.webp)\"><\/div><span aria-hidden=\"true\" class=\"wp-block-cover__background has-background-dim-0 has-background-dim\" style=\"background-color:#c9905d\"><\/span><div class=\"wp-block-cover__inner-container has-global-padding is-layout-constrained wp-block-cover-is-layout-constrained\">\n<p class=\"has-text-align-center has-large-font-size\"><\/p>\n<\/div><\/div>\n\n\n\n<div class=\"wp-block-group alignfull has-contrast-2-background-color has-background is-layout-flow wp-block-group-is-layout-flow\" style=\"margin-top:0px;padding-top:var(--wp--preset--spacing--60);padding-right:var(--wp--preset--spacing--50);padding-bottom:var(--wp--preset--spacing--60);padding-left:var(--wp--preset--spacing--50)\">\n<div class=\"wp-block-columns is-layout-flex wp-container-core-columns-is-layout-28f84493 wp-block-columns-is-layout-flex\">\n<div class=\"wp-block-column col-heberg is-layout-flow wp-block-column-is-layout-flow\" style=\"flex-basis:30%\">\n<div data-swiper=\"{&quot;speed&quot;:1000,&quot;autoplay&quot;:{&quot;delay&quot;:5000,&quot;disableOnInteraction&quot;:false},&quot;spaceBetween&quot;:0,&quot;slidesPerView&quot;:1,&quot;pagination&quot;:{&quot;el&quot;:&quot;.swiper-pagination&quot;,&quot;dynamicBullets&quot;:true,&quot;clickable&quot;:true,&quot;type&quot;:&quot;bullets&quot;},&quot;navigation&quot;:{&quot;nextEl&quot;:&quot;.swiper-button-next&quot;,&quot;prevEl&quot;:&quot;.swiper-button-prev&quot;},&quot;breakpoints&quot;:[{&quot;slidesPerView&quot;:1}]}\" class=\"wp-block-cover is-light has-custom-content-position is-position-bottom-center has-border-color has-base-border-color\" style=\"border-width:2px;border-radius:30px;min-height:750px;aspect-ratio:unset;\"><img decoding=\"async\" width=\"1707\" height=\"2560\" class=\"wp-block-cover__image-background wp-image-2068 size-full\" alt=\"repas theme camping emeraude\" src=\"https:\/\/camping-emeraude-verdon.fr\/wp-content\/uploads\/2025\/11\/repas-theme-camping-emeraude-scaled.jpg\" data-object-fit=\"cover\" srcset=\"https:\/\/camping-emeraude-verdon.fr\/wp-content\/uploads\/2025\/11\/repas-theme-camping-emeraude-scaled.jpg 1707w, https:\/\/camping-emeraude-verdon.fr\/wp-content\/uploads\/2025\/11\/repas-theme-camping-emeraude-200x300.jpg 200w, https:\/\/camping-emeraude-verdon.fr\/wp-content\/uploads\/2025\/11\/repas-theme-camping-emeraude-683x1024.jpg 683w, https:\/\/camping-emeraude-verdon.fr\/wp-content\/uploads\/2025\/11\/repas-theme-camping-emeraude-768x1152.jpg 768w, https:\/\/camping-emeraude-verdon.fr\/wp-content\/uploads\/2025\/11\/repas-theme-camping-emeraude-1024x1536.jpg 1024w, https:\/\/camping-emeraude-verdon.fr\/wp-content\/uploads\/2025\/11\/repas-theme-camping-emeraude-1365x2048.jpg 1365w\" sizes=\"(max-width: 1707px) 100vw, 1707px\" \/><span aria-hidden=\"true\" class=\"wp-block-cover__background has-background-dim-0 has-background-dim has-background-gradient\" style=\"background:linear-gradient(0deg,rgb(32,57,31) 6%,rgba(31,56,30,0.51) 26%,rgba(161,166,28,0) 100%)\"><\/span><div class=\"wp-block-cover__inner-container has-global-padding is-layout-constrained wp-block-cover-is-layout-constrained\">\n<p class=\"has-text-align-center has-large-font-size\"><\/p>\n<\/div><\/div>\n<\/div>\n\n\n\n<div class=\"wp-block-column animated fadeIn slow is-layout-flow wp-block-column-is-layout-flow\" style=\"padding-right:0;padding-left:var(--wp--preset--spacing--30);flex-basis:70%\">\n<h2 class=\"wp-block-heading has-base-color has-text-color has-link-color wp-elements-7243e35e30ab39d2b41ce8425c63c567\" style=\"padding-bottom:var(--wp--preset--spacing--10)\"><strong>Our restaurant<\/strong> <em>in the evening<\/em><\/h2>\n\n\n\n<p class=\"has-base-color has-text-color has-link-color wp-elements-c9c5d6c20d0c22adb852485b5ef42c9b\">In the evening, from 7 p.m. onwards, the restaurant near the Gorges du Verdon becomes the ideal place to enjoy<strong> delicious cuisine<\/strong>. Whether you choose to dine in or take away, we offer a variety of dishes to delight your taste buds. Every week, we offer <strong>themed evenings<\/strong> such as moules frites or grilled meats, so you can enjoy a delicious meal with family and friends. It&#8217;s a chance to sample simple but tasty dishes, from pizza to entrec\u00f4te or burger, while enjoying the relaxed atmosphere of the Var.   <\/p>\n\n\n\n<p class=\"has-base-color has-text-color has-link-color wp-elements-43da87dc992659533090a7949712b38a\">Opening hours :  <\/p>\n\n\n\n<div class=\"wp-block-group is-nowrap is-layout-flex wp-container-core-group-is-layout-877c468d wp-block-group-is-layout-flex\">\n<div class=\"wp-block-group has-global-padding is-layout-constrained wp-block-group-is-layout-constrained\">\n<p class=\"has-base-color has-text-color has-link-color has-futura-pt-font-family has-medium-font-size wp-elements-858b035eefe04cd65732d3d7646524bf\" style=\"line-height:1;text-transform:uppercase\"><strong>Low season<\/strong><\/p>\n\n\n\n<p class=\"has-base-color has-text-color has-link-color wp-elements-7875b0175f9e8f2a7cc8869928b05d39\" style=\"line-height:1.5\"><em>May and June Friday and Saturday evenings from 7 to 10 p.m.<\/em><\/p>\n<\/div>\n\n\n\n<div class=\"wp-block-group has-global-padding is-layout-constrained wp-block-group-is-layout-constrained\">\n<p class=\"has-base-color has-text-color has-link-color has-futura-pt-font-family has-medium-font-size wp-elements-6996427dfaed9df6c8a969b23761e59f\" style=\"line-height:1;text-transform:uppercase\"><strong>High season<\/strong><\/p>\n\n\n\n<p class=\"has-base-color has-text-color has-link-color wp-elements-a5ddcaf929e75011143430e854d89cbe\" style=\"line-height:1.5\"><em>Every evening from 7pm to 11pm<\/em><\/p>\n<\/div>\n<\/div>\n\n\n\n<p class=\"has-base-color has-text-color has-link-color wp-elements-dc57e6ec14ef0ec8b0c887140c5436a0\">We <strong>advise<\/strong> you <strong>to make a reservation<\/strong> to be sure of enjoying a pleasant evening in the company of your loved ones.  <br\/><\/p>\n<\/div>\n<\/div>\n<\/div>\n<\/div>\n\n<div class=\"wp-block-group alignfull section-piscine is-layout-flow wp-block-group-is-layout-flow\" style=\"margin-top:0px;padding-top:var(--wp--preset--spacing--50);padding-right:var(--wp--preset--spacing--50);padding-bottom:var(--wp--preset--spacing--50);padding-left:var(--wp--preset--spacing--50)\">\n<div class=\"wp-block-columns are-vertically-aligned-center gt-reverse-mobile is-layout-flex wp-container-core-columns-is-layout-28f84493 wp-block-columns-is-layout-flex\">\n<div class=\"wp-block-column is-vertically-aligned-center is-layout-flow wp-block-column-is-layout-flow\" style=\"padding-right:var(--wp--preset--spacing--30);padding-left:0\">\n<figure class=\"wp-block-image size-full has-custom-border animated fadeInLeft slow\"><img decoding=\"async\" width=\"2560\" height=\"2560\" src=\"https:\/\/camping-emeraude-verdon.fr\/wp-content\/uploads\/2025\/12\/cocktails-bar-camping-emeraude-scaled.jpg\" alt=\"cocktails bar camping emeraude\" class=\"wp-image-2712\" style=\"border-radius:30px\" srcset=\"https:\/\/camping-emeraude-verdon.fr\/wp-content\/uploads\/2025\/12\/cocktails-bar-camping-emeraude-scaled.jpg 2560w, https:\/\/camping-emeraude-verdon.fr\/wp-content\/uploads\/2025\/12\/cocktails-bar-camping-emeraude-300x300.jpg 300w, https:\/\/camping-emeraude-verdon.fr\/wp-content\/uploads\/2025\/12\/cocktails-bar-camping-emeraude-1024x1024.jpg 1024w, https:\/\/camping-emeraude-verdon.fr\/wp-content\/uploads\/2025\/12\/cocktails-bar-camping-emeraude-150x150.jpg 150w, https:\/\/camping-emeraude-verdon.fr\/wp-content\/uploads\/2025\/12\/cocktails-bar-camping-emeraude-768x768.jpg 768w, https:\/\/camping-emeraude-verdon.fr\/wp-content\/uploads\/2025\/12\/cocktails-bar-camping-emeraude-1536x1536.jpg 1536w, https:\/\/camping-emeraude-verdon.fr\/wp-content\/uploads\/2025\/12\/cocktails-bar-camping-emeraude-2048x2048.jpg 2048w\" sizes=\"(max-width: 2560px) 100vw, 2560px\" \/><\/figure>\n<\/div>\n\n\n\n<div class=\"wp-block-column is-vertically-aligned-center is-layout-flow wp-block-column-is-layout-flow\" style=\"padding-right:var(--wp--preset--spacing--40);padding-left:var(--wp--preset--spacing--30)\">\n<h2 class=\"wp-block-heading\" style=\"padding-bottom:var(--wp--preset--spacing--20)\"><strong>Our bar<\/strong> <em>all day long<\/em><\/h2>\n\n\n\n<p>Our bar is <strong>open every day during high season <\/strong>and offers a wide range of refreshing drinks, cocktails and snacks to satisfy your hunger.  <\/p>\n\n\n    <div id=\"gt-fse-lire-plus-69f140838c427\" class=\"gt-fse-lire-plus\" data-min-height=\"130\" style=\"background-color: #fff;\">\n        <input id=\"gt-fse-lire-plus-69f140838c427-toggle\" type=\"checkbox\" class=\"gt-fse-lire-plus__toggle\" \/>\n        <label for=\"gt-fse-lire-plus-69f140838c427-toggle\" class=\"gt-fse-lire-plus__toggle-label\">\n            <span>Lire plus<\/span>\n            <span>Lire moins<\/span>\n        <\/label>\n        <div class=\"gt-fse-lire-plus__content\" style=\"height: 130px;\">\n            \n\n<p>Whether you&#8217;re looking for a relaxing drink or a gourmet break after a dip in the pool, our bar is the place to be. <\/p>\n\n\n\n<p>In addition to classic drinks, we serve <strong>cocktails<\/strong> and <strong>sweet snacks<\/strong> to give you a complete experience in a pleasant setting, while enjoying the mild Var climate.<\/p>\n\n\n\n<p>In high season (July and August), the bar is open from 8.30am to 12.30pm and from 4pm to 11pm. In low season, the bar remains closed. <\/p>\n\n\n\n<p>From 8:30 am, we sell <strong>bread and pastries<\/strong>.  <\/p>\n\n\n\n<p>The shaded terrace is the ideal place to cool off and <strong>enjoy a delicious ice cream<\/strong>.<\/p>\n\n            <div class=\"gt-fse-lire-plus__gradient\" style=\"background: linear-gradient(to bottom,rgba(255,255,255,0) 0%,rgba(255,255,255,1) 100%);\"><\/div>\n        <\/div>\n    <\/div>\n    <\/div>\n<\/div>\n<\/div>\n\n<div class=\"wp-block-group alignfull section-heberg is-layout-flow wp-block-group-is-layout-flow\" style=\"margin-top:0px\">\n<div class=\"wp-block-group alignfull bloc-heberg has-contrast-3-background-color has-background is-layout-flow wp-block-group-is-layout-flow\" style=\"padding-top:var(--wp--preset--spacing--60);padding-right:var(--wp--preset--spacing--50);padding-bottom:var(--wp--preset--spacing--20);padding-left:var(--wp--preset--spacing--50)\">\n<div class=\"wp-block-columns is-layout-flex wp-container-core-columns-is-layout-28f84493 wp-block-columns-is-layout-flex\">\n<div class=\"wp-block-column animated fadeIn slow is-layout-flow wp-block-column-is-layout-flow\" style=\"padding-right:var(--wp--preset--spacing--30);flex-basis:70%\">\n<h2 class=\"wp-block-heading has-base-color has-text-color has-link-color wp-elements-a943e057260d43ca2518795b48cd35b1\" style=\"padding-bottom:var(--wp--preset--spacing--10)\"><strong>Our evenings<\/strong> <em>quiet and convivial<\/em><\/h2>\n\n\n\n<p class=\"has-base-color has-text-color has-link-color wp-elements-cf64adf8ce676d56927b813bdc16d647\">In addition to its pleasant daytime atmosphere, our restaurant near the Gorges du Verdon organizes <strong>quiet, family <\/strong>-friendly <strong>evenings <\/strong>. The program includes concerts, karaoke and dance evenings held every Monday, Wednesday and Friday evening during the high season. These festive moments are an opportunity to create <strong>unforgettable memories<\/strong> with your loved ones, in a<strong> relaxed<\/strong>, <strong>family<\/strong> atmosphere. Whether you&#8217;re a music lover or a budding dancer, you&#8217;re sure to have a great time at our restaurant in the Var.   <\/p>\n<\/div>\n\n\n\n<div class=\"wp-block-column col-heberg is-layout-flow wp-block-column-is-layout-flow\" style=\"flex-basis:30%\">\n<div data-swiper=\"{&quot;speed&quot;:1000,&quot;autoplay&quot;:{&quot;delay&quot;:5000,&quot;disableOnInteraction&quot;:false},&quot;spaceBetween&quot;:0,&quot;slidesPerView&quot;:1,&quot;pagination&quot;:{&quot;el&quot;:&quot;.swiper-pagination&quot;,&quot;dynamicBullets&quot;:true,&quot;clickable&quot;:true,&quot;type&quot;:&quot;bullets&quot;},&quot;navigation&quot;:{&quot;nextEl&quot;:&quot;.swiper-button-next&quot;,&quot;prevEl&quot;:&quot;.swiper-button-prev&quot;},&quot;breakpoints&quot;:[{&quot;slidesPerView&quot;:1}]}\" class=\"wp-block-cover has-custom-content-position is-position-bottom-center has-border-color has-base-border-color\" style=\"border-width:2px;border-radius:30px;min-height:600px;aspect-ratio:unset;\"><img decoding=\"async\" width=\"1707\" height=\"2560\" class=\"wp-block-cover__image-background wp-image-2717 size-full\" alt=\"animations karaoke camping\" src=\"https:\/\/camping-emeraude-verdon.fr\/wp-content\/uploads\/2025\/12\/animations-karaoke-camping-scaled.jpg\" data-object-fit=\"cover\" srcset=\"https:\/\/camping-emeraude-verdon.fr\/wp-content\/uploads\/2025\/12\/animations-karaoke-camping-scaled.jpg 1707w, https:\/\/camping-emeraude-verdon.fr\/wp-content\/uploads\/2025\/12\/animations-karaoke-camping-200x300.jpg 200w, https:\/\/camping-emeraude-verdon.fr\/wp-content\/uploads\/2025\/12\/animations-karaoke-camping-683x1024.jpg 683w, https:\/\/camping-emeraude-verdon.fr\/wp-content\/uploads\/2025\/12\/animations-karaoke-camping-768x1152.jpg 768w, https:\/\/camping-emeraude-verdon.fr\/wp-content\/uploads\/2025\/12\/animations-karaoke-camping-1024x1536.jpg 1024w, https:\/\/camping-emeraude-verdon.fr\/wp-content\/uploads\/2025\/12\/animations-karaoke-camping-1365x2048.jpg 1365w\" sizes=\"(max-width: 1707px) 100vw, 1707px\" \/><span aria-hidden=\"true\" class=\"wp-block-cover__background has-background-dim-0 has-background-dim has-background-gradient\" style=\"background:linear-gradient(180deg,rgb(161,166,29) 6%,rgba(161,166,28,0.49) 26%,rgba(161,166,28,0) 100%)\"><\/span><div class=\"wp-block-cover__inner-container has-global-padding is-layout-constrained wp-block-cover-is-layout-constrained\">\n<p class=\"has-text-align-center has-large-font-size\"><\/p>\n<\/div><\/div>\n<\/div>\n<\/div>\n<\/div>\n\n\n\n<div data-swiper=\"{&quot;speed&quot;:1000,&quot;autoplay&quot;:{&quot;delay&quot;:5000,&quot;disableOnInteraction&quot;:false},&quot;spaceBetween&quot;:0,&quot;slidesPerView&quot;:1,&quot;pagination&quot;:{&quot;el&quot;:&quot;.swiper-pagination&quot;,&quot;dynamicBullets&quot;:true,&quot;clickable&quot;:true,&quot;type&quot;:&quot;bullets&quot;},&quot;navigation&quot;:{&quot;nextEl&quot;:&quot;.swiper-button-next&quot;,&quot;prevEl&quot;:&quot;.swiper-button-prev&quot;},&quot;breakpoints&quot;:[{&quot;slidesPerView&quot;:1}]}\" class=\"wp-block-cover has-parallax\" style=\"margin-top:0px;min-height:70vh;aspect-ratio:unset;\"><div role=\"img\" aria-label=\"restaurant camping dans le var\" class=\"wp-block-cover__image-background wp-image-2710 size-full has-parallax\" style=\"background-position:50% 50%;background-image:url(https:\/\/camping-emeraude-verdon.fr\/wp-content\/uploads\/2025\/12\/restaurant-camping-dans-le-var-scaled.jpg)\"><\/div><span aria-hidden=\"true\" class=\"wp-block-cover__background has-background-dim-0 has-background-dim\" style=\"background-color:#927168\"><\/span><div class=\"wp-block-cover__inner-container has-global-padding is-layout-constrained wp-block-cover-is-layout-constrained\">\n<p class=\"has-text-align-center has-large-font-size\"><\/p>\n<\/div><\/div>\n<\/div>\n\n<div class=\"wp-block-group alignwide section-cta is-layout-flow wp-block-group-is-layout-flow\" style=\"padding-top:var(--wp--preset--spacing--20);padding-bottom:var(--wp--preset--spacing--50)\">\n<p class=\"has-text-align-center animated fadeInDown slow has-contrast-3-color has-text-color has-link-color has-darkline-font-family wp-elements-357a54f598631c72303a3e24d756003a\" style=\"font-size:clamp(50.171px, 3.136rem + ((1vw - 3.2px) * 5.191), 100px);line-height:1.2;text-transform:none\"><strong>Discover also<\/strong><\/p>\n\n\n\n<p class=\"has-text-align-center animated fadeInDown slow has-large-font-size\" style=\"line-height:1.3;text-transform:uppercase\">Our rentals, our pool <br\/>and our activities<\/p>\n\n\n\n<div data-swiper=\"{&quot;speed&quot;:400,&quot;spaceBetween&quot;:&quot;50&quot;,&quot;slidesPerView&quot;:2,&quot;createElements&quot;:true,&quot;loop&quot;:true,&quot;navigation&quot;:{&quot;nextEl&quot;:&quot;buttonNext&quot;,&quot;prevEl&quot;:&quot;buttonPrev&quot;},&quot;breakpoints&quot;:{&quot;0&quot;:{&quot;slidesPerView&quot;:1},&quot;380&quot;:{&quot;slidesPerView&quot;:&quot;1&quot;},&quot;700&quot;:{&quot;slidesPerView&quot;:2}},&quot;pagination&quot;:{&quot;el&quot;:false},&quot;autoplay&quot;:{&quot;delay&quot;:3000}}\" data-wp-context=\"{}\" data-wp-interactive=\"core\/query\" data-wp-key=\"0\" data-wp-router-region=\"query-0\" class=\"wp-block-query alignwide gt-fse-maillage-query gt-is-slider gt-is-slider-mobile is-layout-flow wp-block-query-is-layout-flow\"><ul class=\"columns-3 gt-maillage wp-block-post-template is-layout-grid wp-container-core-post-template-is-layout-6d3fbd8f wp-block-post-template-is-layout-grid\"><li data-wp-key=\"post-template-item-2499\" class=\"wp-block-post post-2499 page type-page status-publish has-post-thumbnail hentry\">\n\n<figure class=\"wp-block-image has-custom-border gt-maillage__image\"><img decoding=\"async\" src=\"https:\/\/camping-emeraude-verdon.fr\/wp-content\/uploads\/2025\/12\/location-mobil-home-camping-dans-le-var-1-scaled.jpg\" alt=\"mobile home rental camping in the var\" class=\"has-border-color\" style=\"border-color:#ffffff;border-width:1px;border-radius:30px;aspect-ratio:1;object-fit:cover\"\/><\/figure>\n\n\n\n<div class=\"wp-block-group is-vertical is-layout-flex wp-container-core-group-is-layout-9944ab2f wp-block-group-is-layout-flex\" style=\"border-style:none;border-width:0px;margin-top:-125px;padding-top:var(--wp--preset--spacing--10);padding-right:var(--wp--preset--spacing--10);padding-bottom:var(--wp--preset--spacing--20);padding-left:var(--wp--preset--spacing--20)\">\n<figure class=\"wp-block-image is-resized\" style=\"margin-top:0px;margin-right:0px;margin-bottom:0px;margin-left:1px\"><img decoding=\"async\" src=\"data:image\/svg+xml,%3Csvg width=&quot;39&quot; height=&quot;3&quot; viewBox=&quot;0 0 39 3&quot; fill=&quot;none&quot; xmlns=&quot;http:\/\/www.w3.org\/2000\/svg&quot;%3E%3Cpath d=&quot;M1 1.5H38&quot; stroke=&quot;white&quot; stroke-width=&quot;2&quot; stroke-linecap=&quot;round&quot;\/%3E%3C\/svg%3E%0A\" alt=\"\" style=\"width:37px\"\/><\/figure>\n\n\n\n<p class=\"has-base-2-color has-text-color has-link-color has-futura-pt-font-family wp-elements-389ae00f185f491ec012d7315b2fd272\" style=\"font-size:clamp(16.293px, 1.018rem + ((1vw - 3.2px) * 0.907), 25px);font-style:normal;font-weight:400;line-height:1;text-decoration:none;text-transform:uppercase\">Mobile homes<\/p>\n<\/div>\n\n\n<a class=\"is-style-lien-cover wp-block-read-more\" href=\"https:\/\/camping-emeraude-verdon.fr\/en\/mobile-home-rental-aups\/\" target=\"_self\">Read more<span class=\"screen-reader-text\">: Mobile homes<\/span><\/a>\n<\/li><li data-wp-key=\"post-template-item-2459\" class=\"wp-block-post post-2459 page type-page status-publish has-post-thumbnail hentry\">\n\n<figure class=\"wp-block-image has-custom-border gt-maillage__image\"><img decoding=\"async\" src=\"https:\/\/camping-emeraude-verdon.fr\/wp-content\/uploads\/2025\/09\/piscine-camping-var.jpg\" alt=\"swimming pool camping var\" class=\"has-border-color\" style=\"border-color:#ffffff;border-width:1px;border-radius:30px;aspect-ratio:1;object-fit:cover\"\/><\/figure>\n\n\n\n<div class=\"wp-block-group is-vertical is-layout-flex wp-container-core-group-is-layout-9944ab2f wp-block-group-is-layout-flex\" style=\"border-style:none;border-width:0px;margin-top:-125px;padding-top:var(--wp--preset--spacing--10);padding-right:var(--wp--preset--spacing--10);padding-bottom:var(--wp--preset--spacing--20);padding-left:var(--wp--preset--spacing--20)\">\n<figure class=\"wp-block-image is-resized\" style=\"margin-top:0px;margin-right:0px;margin-bottom:0px;margin-left:1px\"><img decoding=\"async\" src=\"data:image\/svg+xml,%3Csvg width=&quot;39&quot; height=&quot;3&quot; viewBox=&quot;0 0 39 3&quot; fill=&quot;none&quot; xmlns=&quot;http:\/\/www.w3.org\/2000\/svg&quot;%3E%3Cpath d=&quot;M1 1.5H38&quot; stroke=&quot;white&quot; stroke-width=&quot;2&quot; stroke-linecap=&quot;round&quot;\/%3E%3C\/svg%3E%0A\" alt=\"\" style=\"width:37px\"\/><\/figure>\n\n\n\n<p class=\"has-base-2-color has-text-color has-link-color has-futura-pt-font-family wp-elements-389ae00f185f491ec012d7315b2fd272\" style=\"font-size:clamp(16.293px, 1.018rem + ((1vw - 3.2px) * 0.907), 25px);font-style:normal;font-weight:400;line-height:1;text-decoration:none;text-transform:uppercase\">Swimming pool<\/p>\n<\/div>\n\n\n<a class=\"is-style-lien-cover wp-block-read-more\" href=\"https:\/\/camping-emeraude-verdon.fr\/en\/campsite-swimming-pool-aups\/\" target=\"_self\">Read more<span class=\"screen-reader-text\">: Swimming pool<\/span><\/a>\n<\/li><li data-wp-key=\"post-template-item-2465\" class=\"wp-block-post post-2465 page type-page status-publish has-post-thumbnail hentry\">\n\n<figure class=\"wp-block-image has-custom-border gt-maillage__image\"><img decoding=\"async\" src=\"https:\/\/camping-emeraude-verdon.fr\/wp-content\/uploads\/2025\/12\/club-enfants-camping-var-scaled.jpg\" alt=\"children&apos;s club at a campsite in the Var region\" class=\"has-border-color\" style=\"border-color:#ffffff;border-width:1px;border-radius:30px;aspect-ratio:1;object-fit:cover\"\/><\/figure>\n\n\n\n<div class=\"wp-block-group is-vertical is-layout-flex wp-container-core-group-is-layout-9944ab2f wp-block-group-is-layout-flex\" style=\"border-style:none;border-width:0px;margin-top:-125px;padding-top:var(--wp--preset--spacing--10);padding-right:var(--wp--preset--spacing--10);padding-bottom:var(--wp--preset--spacing--20);padding-left:var(--wp--preset--spacing--20)\">\n<figure class=\"wp-block-image is-resized\" style=\"margin-top:0px;margin-right:0px;margin-bottom:0px;margin-left:1px\"><img decoding=\"async\" src=\"data:image\/svg+xml,%3Csvg width=&quot;39&quot; height=&quot;3&quot; viewBox=&quot;0 0 39 3&quot; fill=&quot;none&quot; xmlns=&quot;http:\/\/www.w3.org\/2000\/svg&quot;%3E%3Cpath d=&quot;M1 1.5H38&quot; stroke=&quot;white&quot; stroke-width=&quot;2&quot; stroke-linecap=&quot;round&quot;\/%3E%3C\/svg%3E%0A\" alt=\"\" style=\"width:37px\"\/><\/figure>\n\n\n\n<p class=\"has-base-2-color has-text-color has-link-color has-futura-pt-font-family wp-elements-389ae00f185f491ec012d7315b2fd272\" style=\"font-size:clamp(16.293px, 1.018rem + ((1vw - 3.2px) * 0.907), 25px);font-style:normal;font-weight:400;line-height:1;text-decoration:none;text-transform:uppercase\">Services and Activities<\/p>\n<\/div>\n\n\n<a class=\"is-style-lien-cover wp-block-read-more\" href=\"https:\/\/camping-emeraude-verdon.fr\/en\/family-campsite-aups\/\" target=\"_self\">Read more<span class=\"screen-reader-text\">: Services and Activities<\/span><\/a>\n<\/li><\/ul><\/div>\n<\/div>\n","protected":false},"excerpt":{"rendered":"<p>Bar-Restaurant near the Gorges du Verdon Au camping pr\u00e8s des Gorges du Verdon, notre Bar-Restaurant vous invite \u00e0 savourer des moments de convivialit\u00e9 et de d\u00e9tente. Situ\u00e9 au c\u0153ur du camping, dans un cadre naturel et apaisant, le restaurant dans le Var propose une s\u00e9lection de snacks simples et d\u00e9licieux ! Que vous soyez en [&hellip;]<\/p>\n","protected":false},"author":1,"featured_media":3173,"parent":0,"menu_order":0,"comment_status":"closed","ping_status":"closed","template":"","meta":{"_seopress_robots_primary_cat":"","_seopress_titles_title":"Restaurant near Gorges du Verdon I Bar, restaurant Var","_seopress_titles_desc":"Restaurant and bar at the campsite near the Gorges du Verdon in the Var: snacks, local dishes, cocktails and convivial evenings for gourmet moments with family and friends.","_seopress_robots_index":"","_gt_ctv_global_id":"8073","_gt_ctv_id_group":false,"inline_featured_image":false,"gt_fse_maillage_image":"https:\/\/camping-emeraude-verdon.fr\/wp-content\/uploads\/2025\/11\/repas-theme-camping-emeraude-scaled.jpg","gt_fse_maillage_titre":"Bar-Restaurant","gt_fse_maillage_alt":"camping Emeraude theme meal","gt_fse_maillage_resume":"","footnotes":""},"categories":[],"tags":[],"class_list":["post-2463","page","type-page","status-publish","has-post-thumbnail","hentry"],"_links":{"self":[{"href":"https:\/\/camping-emeraude-verdon.fr\/en\/wp-json\/wp\/v2\/pages\/2463","targetHints":{"allow":["GET"]}}],"collection":[{"href":"https:\/\/camping-emeraude-verdon.fr\/en\/wp-json\/wp\/v2\/pages"}],"about":[{"href":"https:\/\/camping-emeraude-verdon.fr\/en\/wp-json\/wp\/v2\/types\/page"}],"author":[{"embeddable":true,"href":"https:\/\/camping-emeraude-verdon.fr\/en\/wp-json\/wp\/v2\/users\/1"}],"replies":[{"embeddable":true,"href":"https:\/\/camping-emeraude-verdon.fr\/en\/wp-json\/wp\/v2\/comments?post=2463"}],"version-history":[{"count":7,"href":"https:\/\/camping-emeraude-verdon.fr\/en\/wp-json\/wp\/v2\/pages\/2463\/revisions"}],"predecessor-version":[{"id":3302,"href":"https:\/\/camping-emeraude-verdon.fr\/en\/wp-json\/wp\/v2\/pages\/2463\/revisions\/3302"}],"wp:featuredmedia":[{"embeddable":true,"href":"https:\/\/camping-emeraude-verdon.fr\/en\/wp-json\/wp\/v2\/media\/3173"}],"wp:attachment":[{"href":"https:\/\/camping-emeraude-verdon.fr\/en\/wp-json\/wp\/v2\/media?parent=2463"}],"wp:term":[{"taxonomy":"category","embeddable":true,"href":"https:\/\/camping-emeraude-verdon.fr\/en\/wp-json\/wp\/v2\/categories?post=2463"},{"taxonomy":"post_tag","embeddable":true,"href":"https:\/\/camping-emeraude-verdon.fr\/en\/wp-json\/wp\/v2\/tags?post=2463"}],"curies":[{"name":"wp","href":"https:\/\/api.w.org\/{rel}","templated":true}]}}