{"id":2549,"date":"2025-09-18T10:44:50","date_gmt":"2025-09-18T08:44:50","guid":{"rendered":"https:\/\/camping-emeraude-verdon.fr\/tourisme-gorges-du-verdon\/"},"modified":"2025-12-11T16:33:30","modified_gmt":"2025-12-11T15:33:30","slug":"verdon-gorge-tourism","status":"publish","type":"page","link":"https:\/\/camping-emeraude-verdon.fr\/en\/verdon-gorge-tourism\/","title":{"rendered":"The Gorges du Verdon"},"content":{"rendered":"\n<div class=\"wp-block-group alignfull section-one is-layout-flow wp-block-group-is-layout-flow\" style=\"margin-top:0px;padding-top:var(--wp--preset--spacing--60);padding-right:var(--wp--preset--spacing--50);padding-bottom:var(--wp--preset--spacing--50);padding-left:var(--wp--preset--spacing--50)\">\n<div class=\"wp-block-columns are-vertically-aligned-center is-layout-flex wp-container-core-columns-is-layout-28f84493 wp-block-columns-is-layout-flex\">\n<div class=\"wp-block-column is-vertically-aligned-center is-layout-flow wp-block-column-is-layout-flow\" style=\"padding-right:var(--wp--preset--spacing--30);padding-left:var(--wp--preset--spacing--40)\">\n<h1 class=\"wp-block-heading\" style=\"padding-bottom:var(--wp--preset--spacing--20);padding-left:0\"><strong>The Gorges du Verdon<\/strong>: a <em>unique<\/em> natural treasure <em>in the Var region<\/em><\/h1>\n\n\n\n<p>The Gorges du Verdon are one of the most beautiful natural sites in the Provence-Alpes-C\u00f4te d&#8217;Azur region, and a must-see when <a href=\"https:\/\/camping-emeraude-verdon.fr\/en\/\">camping in the Var<\/a>. <\/p>\n\n\n    <div id=\"gt-fse-lire-plus-69f1408f5d99b\" class=\"gt-fse-lire-plus\" data-min-height=\"130\" style=\"background-color: #fff;\">\n        <input id=\"gt-fse-lire-plus-69f1408f5d99b-toggle\" type=\"checkbox\" class=\"gt-fse-lire-plus__toggle\" \/>\n        <label for=\"gt-fse-lire-plus-69f1408f5d99b-toggle\" class=\"gt-fse-lire-plus__toggle-label\">\n            <span>Lire plus<\/span>\n            <span>Lire moins<\/span>\n        <\/label>\n        <div class=\"gt-fse-lire-plus__content\" style=\"height: 130px;\">\n            \n\n<p>Just a few kilometers from our campsite, this spectacular site offers <strong>breathtaking views of towering cliffs<\/strong>, <strong>turquoise waters<\/strong> and <strong>breathtaking scenery<\/strong>.<g id=\"gid_3\">Europe&#8217;s largest canyon<\/g>, it offers breathtaking scenery. It&#8217;s also the ideal place for family bathing and white-water sports.  <\/p>\n\n\n\n<p>Whether you enjoy hiking, <a href=\"https:\/\/verdon-rafting.net\/\" target=\"_blank\" rel=\"noreferrer noopener nofollow\">water sports<\/a> or photography, the Gorges du Verdon promise an unforgettable adventure in the heart of nature.<\/p>\n\n\n\n<p>And for something different, don&#8217;t miss the Gorges de Baudinard and Gorges de Quinson: lesser-known but just as spectacular, these Basses Gorges, just 15 minutes from the campsite, offer unspoilt landscapes and incomparable wild charm.<br\/><\/p>\n\n            <div class=\"gt-fse-lire-plus__gradient\" style=\"background: linear-gradient(to bottom,rgba(255,255,255,0) 0%,rgba(255,255,255,1) 100%);\"><\/div>\n        <\/div>\n    <\/div>\n    <\/div>\n\n\n\n<div class=\"wp-block-column is-vertically-aligned-center is-layout-flow wp-block-column-is-layout-flow\" style=\"padding-right:0;padding-left:var(--wp--preset--spacing--30)\">\n<figure class=\"wp-block-image size-full has-custom-border animated fadeInRight slow\"><img decoding=\"async\" width=\"1920\" height=\"2560\" src=\"https:\/\/camping-emeraude-verdon.fr\/wp-content\/uploads\/2025\/12\/paysages-des-Gorges-du-Verdon-scaled.jpg\" alt=\"landscapes of the Gorges du Verdon\" class=\"wp-image-2801\" style=\"border-radius:30px;aspect-ratio:1;object-fit:cover\" srcset=\"https:\/\/camping-emeraude-verdon.fr\/wp-content\/uploads\/2025\/12\/paysages-des-Gorges-du-Verdon-scaled.jpg 1920w, https:\/\/camping-emeraude-verdon.fr\/wp-content\/uploads\/2025\/12\/paysages-des-Gorges-du-Verdon-225x300.jpg 225w, https:\/\/camping-emeraude-verdon.fr\/wp-content\/uploads\/2025\/12\/paysages-des-Gorges-du-Verdon-768x1024.jpg 768w, https:\/\/camping-emeraude-verdon.fr\/wp-content\/uploads\/2025\/12\/paysages-des-Gorges-du-Verdon-1152x1536.jpg 1152w, https:\/\/camping-emeraude-verdon.fr\/wp-content\/uploads\/2025\/12\/paysages-des-Gorges-du-Verdon-1536x2048.jpg 1536w\" sizes=\"(max-width: 1920px) 100vw, 1920px\" \/><\/figure>\n<\/div>\n<\/div>\n<\/div>\n\n<div class=\"wp-block-group alignfull section-two is-layout-flow wp-block-group-is-layout-flow\">\n<div data-swiper=\"{&quot;speed&quot;:1000,&quot;autoplay&quot;:{&quot;delay&quot;:5000,&quot;disableOnInteraction&quot;:false},&quot;spaceBetween&quot;:0,&quot;slidesPerView&quot;:1,&quot;pagination&quot;:{&quot;el&quot;:&quot;.swiper-pagination&quot;,&quot;dynamicBullets&quot;:true,&quot;clickable&quot;:true,&quot;type&quot;:&quot;bullets&quot;},&quot;navigation&quot;:{&quot;nextEl&quot;:&quot;.swiper-button-next&quot;,&quot;prevEl&quot;:&quot;.swiper-button-prev&quot;},&quot;breakpoints&quot;:[{&quot;slidesPerView&quot;:1}]}\" class=\"wp-block-cover is-light has-parallax\" style=\"min-height:70vh;aspect-ratio:unset;\"><div role=\"img\" aria-label=\"Les Gorges du Verdon\" class=\"wp-block-cover__image-background wp-image-2798 size-full has-parallax\" style=\"background-position:50% 50%;background-image:url(https:\/\/camping-emeraude-verdon.fr\/wp-content\/uploads\/2025\/12\/Les-Gorges-du-Verdon.jpg)\"><\/div><span aria-hidden=\"true\" class=\"wp-block-cover__background has-background-dim-0 has-background-dim\" style=\"background-color:#908979\"><\/span><div class=\"wp-block-cover__inner-container has-global-padding is-layout-constrained wp-block-cover-is-layout-constrained\">\n<p class=\"has-text-align-center has-large-font-size\"><\/p>\n<\/div><\/div>\n\n\n\n<div class=\"wp-block-group alignfull has-contrast-2-background-color has-background is-layout-flow wp-block-group-is-layout-flow\" style=\"margin-top:0px;padding-top:var(--wp--preset--spacing--60);padding-right:var(--wp--preset--spacing--50);padding-bottom:var(--wp--preset--spacing--60);padding-left:var(--wp--preset--spacing--50)\">\n<div class=\"wp-block-columns is-layout-flex wp-container-core-columns-is-layout-28f84493 wp-block-columns-is-layout-flex\">\n<div class=\"wp-block-column col-heberg is-layout-flow wp-block-column-is-layout-flow\" style=\"flex-basis:30%\">\n<div data-swiper=\"{&quot;speed&quot;:1000,&quot;autoplay&quot;:{&quot;delay&quot;:5000,&quot;disableOnInteraction&quot;:false},&quot;spaceBetween&quot;:0,&quot;slidesPerView&quot;:1,&quot;pagination&quot;:{&quot;el&quot;:&quot;.swiper-pagination&quot;,&quot;dynamicBullets&quot;:true,&quot;clickable&quot;:true,&quot;type&quot;:&quot;bullets&quot;},&quot;navigation&quot;:{&quot;nextEl&quot;:&quot;.swiper-button-next&quot;,&quot;prevEl&quot;:&quot;.swiper-button-prev&quot;},&quot;breakpoints&quot;:[{&quot;slidesPerView&quot;:1}]}\" class=\"wp-block-cover has-custom-content-position is-position-bottom-center has-border-color has-base-border-color has-aspect-ratio\" style=\"border-width:2px;border-radius:30px;min-height:700px;aspect-ratio:2\/3;min-height:unset;\"><img decoding=\"async\" width=\"500\" height=\"750\" class=\"wp-block-cover__image-background wp-image-3129 size-full\" alt=\"balades bateau gorges du verdon dans le Var\" src=\"https:\/\/camping-emeraude-verdon.fr\/wp-content\/uploads\/2025\/12\/balades-bateau-gorges-du-verdon-dans-le-Var.webp\" data-object-fit=\"cover\" srcset=\"https:\/\/camping-emeraude-verdon.fr\/wp-content\/uploads\/2025\/12\/balades-bateau-gorges-du-verdon-dans-le-Var.webp 500w, https:\/\/camping-emeraude-verdon.fr\/wp-content\/uploads\/2025\/12\/balades-bateau-gorges-du-verdon-dans-le-Var-200x300.webp 200w\" sizes=\"(max-width: 500px) 100vw, 500px\" \/><span aria-hidden=\"true\" class=\"wp-block-cover__background has-background-dim-0 has-background-dim has-background-gradient\" style=\"background:linear-gradient(0deg,rgb(32,57,31) 6%,rgba(31,56,30,0.51) 26%,rgba(161,166,28,0) 100%)\"><\/span><div class=\"wp-block-cover__inner-container has-global-padding is-layout-constrained wp-block-cover-is-layout-constrained\">\n<p class=\"has-text-align-center has-large-font-size\"><\/p>\n<\/div><\/div>\n<\/div>\n\n\n\n<div class=\"wp-block-column animated fadeIn slow is-layout-flow wp-block-column-is-layout-flow\" style=\"padding-right:0;padding-left:var(--wp--preset--spacing--30);flex-basis:70%\">\n<h2 class=\"wp-block-heading has-base-color has-text-color has-link-color wp-elements-ce719f478c034a918188c0863cbbafba\" style=\"padding-bottom:var(--wp--preset--spacing--10)\"><strong>The best things to do<\/strong> <em>in the Gorges du Verdon<\/em><\/h2>\n\n\n\n<p class=\"has-base-color has-text-color has-link-color wp-elements-e4f42360bc71e6e1ae46558594b0052d\">The Gorges du Verdon are a veritable playground for<strong> <\/strong><a href=\"http:\/\/camping-emeraude-verdon.fr\/en\/outdoor-sports-activities-var\/\" data-type=\"page\" data-id=\"934\"> outdoor sports<\/a> enthusiasts. You can enjoy activities such as hiking on the scenic trails, kayaking on <a href=\"https:\/\/camping-emeraude-verdon.fr\/en\/tourism-lake-sainte-croix-provence\/\" data-type=\"page\" data-id=\"926\">Lac de Sainte-Croix<\/a>, as well as more leisurely water activities such as <strong>electric boats<\/strong> or <strong>pedal<\/strong> boats to explore the turquoise waters at your own pace. For the more adventurous, <strong>rafting<\/strong>, <strong>canyoning<\/strong> and <strong>via ferrata<\/strong> offer unforgettable thrills in the heart of the Verdon&#8217;s breathtaking landscapes. For those who prefer to relax, the magnificent viewpoints allow you to savor moments of contemplation. The campsite is the ideal starting point for all these adventures.<\/p>\n<\/div>\n<\/div>\n<\/div>\n<\/div>\n\n<div class=\"wp-block-group alignfull section-piscine is-layout-flow wp-block-group-is-layout-flow\" style=\"margin-top:0px;padding-top:var(--wp--preset--spacing--50);padding-right:var(--wp--preset--spacing--50);padding-bottom:var(--wp--preset--spacing--50);padding-left:var(--wp--preset--spacing--50)\">\n<div class=\"wp-block-columns are-vertically-aligned-center gt-reverse-mobile is-layout-flex wp-container-core-columns-is-layout-28f84493 wp-block-columns-is-layout-flex\">\n<div class=\"wp-block-column is-vertically-aligned-center is-layout-flow wp-block-column-is-layout-flow\" style=\"padding-right:var(--wp--preset--spacing--30);padding-left:0\">\n<figure class=\"wp-block-image size-full has-custom-border animated fadeInLeft slow\"><img decoding=\"async\" width=\"1920\" height=\"2560\" src=\"https:\/\/camping-emeraude-verdon.fr\/wp-content\/uploads\/2025\/12\/Point-de-vue-Gorges-du-Verdon-scaled.jpg\" alt=\"Gorges du Verdon viewpoint\" class=\"wp-image-2803\" style=\"border-radius:30px\" srcset=\"https:\/\/camping-emeraude-verdon.fr\/wp-content\/uploads\/2025\/12\/Point-de-vue-Gorges-du-Verdon-scaled.jpg 1920w, https:\/\/camping-emeraude-verdon.fr\/wp-content\/uploads\/2025\/12\/Point-de-vue-Gorges-du-Verdon-225x300.jpg 225w, https:\/\/camping-emeraude-verdon.fr\/wp-content\/uploads\/2025\/12\/Point-de-vue-Gorges-du-Verdon-768x1024.jpg 768w, https:\/\/camping-emeraude-verdon.fr\/wp-content\/uploads\/2025\/12\/Point-de-vue-Gorges-du-Verdon-1152x1536.jpg 1152w, https:\/\/camping-emeraude-verdon.fr\/wp-content\/uploads\/2025\/12\/Point-de-vue-Gorges-du-Verdon-1536x2048.jpg 1536w\" sizes=\"(max-width: 1920px) 100vw, 1920px\" \/><\/figure>\n<\/div>\n\n\n\n<div class=\"wp-block-column is-vertically-aligned-center is-layout-flow wp-block-column-is-layout-flow\" style=\"padding-right:var(--wp--preset--spacing--40);padding-left:var(--wp--preset--spacing--30)\">\n<h2 class=\"wp-block-heading has-accent-2-color has-text-color has-link-color wp-elements-6aae25962bdea48fdf92a5e54befb369\"><strong>Breathtaking<\/strong> <em>viewpoints<\/em><\/h2>\n\n\n\n<p class=\"has-accent-2-color has-text-color has-link-color wp-elements-13daf038b6663476784cae4038c7c45e\">The Verdon rises at 2819 m on the Col d&#8217;Allos and joins the <strong>Durance at<\/strong> <a href=\"https:\/\/www.vinon-sur-verdon.fr\/vie-quotidienne\/tourisme\/le-verdon-et-son-parc-naturel\/\" target=\"_blank\" rel=\"noreferrer noopener\">Vinon sur Verdon<\/a>. Its total length is 175 km. But the most sensational thing about it is the height of the cliffs, which vary from 250 to 700 m, the width from 6 to 100 m and from 200 to 1500 m at the top of the gorges.  <\/p>\n\n\n    <div id=\"gt-fse-lire-plus-69f1408f5fa71\" class=\"gt-fse-lire-plus\" data-min-height=\"130\" style=\"background-color: #fff;\">\n        <input id=\"gt-fse-lire-plus-69f1408f5fa71-toggle\" type=\"checkbox\" class=\"gt-fse-lire-plus__toggle\" \/>\n        <label for=\"gt-fse-lire-plus-69f1408f5fa71-toggle\" class=\"gt-fse-lire-plus__toggle-label\">\n            <span>Lire plus<\/span>\n            <span>Lire moins<\/span>\n        <\/label>\n        <div class=\"gt-fse-lire-plus__content\" style=\"height: 130px;\">\n            \n\n<p class=\"has-accent-2-color has-text-color has-link-color wp-elements-1f5242483b645fc5b88d37eea9b9b546\">There are many viewpoints in the Gorges du Verdon, offering spectacular panoramas of the cliffs, canyon and Lac de Sainte-Croix. Among the most famous is <g id=\"gid_0\">Point Sublime<\/g>, which offers a breathtaking view of the Gorges du Verdon and their turquoise waters. The <strong>Sentier Blanc-Martel<\/strong> is also a must for hikers in search of breathtaking scenery.  <\/p>\n\n\n\n<p class=\"has-accent-2-color has-text-color has-link-color wp-elements-40be7b16c79385645a4f48f8a8f87ca7\">Less elevated but just as beautiful, the <strong>Sentier du Garde-Canal <\/strong>walk is suitable for the whole family, and lets you discover the gorges from another angle<strong>.<\/strong> These viewpoints are ideal for memorable photos and for admiring the beauty of the surrounding nature.<\/p>\n\n            <div class=\"gt-fse-lire-plus__gradient\" style=\"background: linear-gradient(to bottom,rgba(255,255,255,0) 0%,rgba(255,255,255,1) 100%);\"><\/div>\n        <\/div>\n    <\/div>\n    <\/div>\n<\/div>\n<\/div>\n\n<div class=\"wp-block-group alignfull section-heberg is-layout-flow wp-block-group-is-layout-flow\" style=\"margin-top:0px\">\n<div class=\"wp-block-group alignfull bloc-heberg has-contrast-3-background-color has-background is-layout-flow wp-block-group-is-layout-flow\" style=\"padding-top:var(--wp--preset--spacing--60);padding-right:var(--wp--preset--spacing--50);padding-bottom:var(--wp--preset--spacing--20);padding-left:var(--wp--preset--spacing--50)\">\n<div class=\"wp-block-columns is-layout-flex wp-container-core-columns-is-layout-28f84493 wp-block-columns-is-layout-flex\">\n<div class=\"wp-block-column animated fadeIn slow is-layout-flow wp-block-column-is-layout-flow\" style=\"padding-right:var(--wp--preset--spacing--30);flex-basis:70%\">\n<h2 class=\"wp-block-heading has-base-color has-text-color has-link-color wp-elements-ae2c1cd08f268513515b7345634bc023\"><strong>The picturesque villages<\/strong> <em>around the Gorges du Verdon<\/em><\/h2>\n\n\n\n<p class=\"has-base-color has-text-color has-link-color wp-elements-3e5f08e7b458b793bd1dbe5956a2f4e4\">The <strong>picturesque villages<\/strong> around the Gorges du Verdon are also well worth a visit. Villages like <strong>Moustiers-Sainte-Marie<\/strong>, with its cobbled streets and perched church, or <strong>Tourtour<\/strong>, renowned for its authentic charm, will transport you back in time. These villages offer a great opportunity to discover local crafts, savor regional specialties and enjoy the warm Provencal welcome. Camping L&#8217;\u00e9meraude du Verdon is ideally situated for exploring these magnificent villages, while returning to relax in soothing natural surroundings.   <br\/><\/p>\n<\/div>\n\n\n\n<div class=\"wp-block-column col-heberg is-layout-flow wp-block-column-is-layout-flow\" style=\"flex-basis:30%\">\n<div data-swiper=\"{&quot;speed&quot;:1000,&quot;autoplay&quot;:{&quot;delay&quot;:5000,&quot;disableOnInteraction&quot;:false},&quot;spaceBetween&quot;:0,&quot;slidesPerView&quot;:1,&quot;pagination&quot;:{&quot;el&quot;:&quot;.swiper-pagination&quot;,&quot;dynamicBullets&quot;:true,&quot;clickable&quot;:true,&quot;type&quot;:&quot;bullets&quot;},&quot;navigation&quot;:{&quot;nextEl&quot;:&quot;.swiper-button-next&quot;,&quot;prevEl&quot;:&quot;.swiper-button-prev&quot;},&quot;breakpoints&quot;:[{&quot;slidesPerView&quot;:1}]}\" class=\"wp-block-cover is-light has-custom-content-position is-position-bottom-center has-border-color has-base-border-color\" style=\"border-width:2px;border-radius:30px;min-height:600px;aspect-ratio:unset;\"><img decoding=\"async\" width=\"2000\" height=\"2000\" class=\"wp-block-cover__image-background wp-image-2811 size-full\" alt=\"villages de charme gorges du verdon\" src=\"https:\/\/camping-emeraude-verdon.fr\/wp-content\/uploads\/2025\/12\/villages-de-charme-gorges-du-verdon.jpg\" data-object-fit=\"cover\" srcset=\"https:\/\/camping-emeraude-verdon.fr\/wp-content\/uploads\/2025\/12\/villages-de-charme-gorges-du-verdon.jpg 2000w, https:\/\/camping-emeraude-verdon.fr\/wp-content\/uploads\/2025\/12\/villages-de-charme-gorges-du-verdon-300x300.jpg 300w, https:\/\/camping-emeraude-verdon.fr\/wp-content\/uploads\/2025\/12\/villages-de-charme-gorges-du-verdon-1024x1024.jpg 1024w, https:\/\/camping-emeraude-verdon.fr\/wp-content\/uploads\/2025\/12\/villages-de-charme-gorges-du-verdon-150x150.jpg 150w, https:\/\/camping-emeraude-verdon.fr\/wp-content\/uploads\/2025\/12\/villages-de-charme-gorges-du-verdon-768x768.jpg 768w, https:\/\/camping-emeraude-verdon.fr\/wp-content\/uploads\/2025\/12\/villages-de-charme-gorges-du-verdon-1536x1536.jpg 1536w\" sizes=\"(max-width: 2000px) 100vw, 2000px\" \/><span aria-hidden=\"true\" class=\"wp-block-cover__background has-background-dim-0 has-background-dim has-background-gradient\" style=\"background:linear-gradient(180deg,rgb(161,166,29) 6%,rgba(161,166,28,0.49) 26%,rgba(161,166,28,0) 100%)\"><\/span><div class=\"wp-block-cover__inner-container has-global-padding is-layout-constrained wp-block-cover-is-layout-constrained\">\n<p class=\"has-text-align-center has-large-font-size\"><\/p>\n<\/div><\/div>\n<\/div>\n<\/div>\n<\/div>\n\n\n\n<div data-swiper=\"{&quot;speed&quot;:1000,&quot;autoplay&quot;:{&quot;delay&quot;:5000,&quot;disableOnInteraction&quot;:false},&quot;spaceBetween&quot;:0,&quot;slidesPerView&quot;:1,&quot;pagination&quot;:{&quot;el&quot;:&quot;.swiper-pagination&quot;,&quot;dynamicBullets&quot;:true,&quot;clickable&quot;:true,&quot;type&quot;:&quot;bullets&quot;},&quot;navigation&quot;:{&quot;nextEl&quot;:&quot;.swiper-button-next&quot;,&quot;prevEl&quot;:&quot;.swiper-button-prev&quot;},&quot;breakpoints&quot;:[{&quot;slidesPerView&quot;:1}]}\" class=\"wp-block-cover has-parallax\" style=\"margin-top:0px;min-height:70vh;aspect-ratio:unset;\"><div role=\"img\" aria-label=\"Village vers gorges du verdon\" class=\"wp-block-cover__image-background wp-image-2809 size-full has-parallax\" style=\"background-position:50% 50%;background-image:url(https:\/\/camping-emeraude-verdon.fr\/wp-content\/uploads\/2025\/12\/Village-vers-gorges-du-verdon.jpg)\"><\/div><span aria-hidden=\"true\" class=\"wp-block-cover__background has-background-dim-0 has-background-dim\" style=\"background-color:#947a53\"><\/span><div class=\"wp-block-cover__inner-container has-global-padding is-layout-constrained wp-block-cover-is-layout-constrained\">\n<p class=\"has-text-align-center has-large-font-size\"><\/p>\n<\/div><\/div>\n<\/div>\n\n<div class=\"wp-block-group alignfull section-piscine is-layout-flow wp-block-group-is-layout-flow\" style=\"margin-top:0px;padding-top:var(--wp--preset--spacing--50);padding-right:var(--wp--preset--spacing--50);padding-bottom:var(--wp--preset--spacing--50);padding-left:var(--wp--preset--spacing--50)\">\n<div class=\"wp-block-columns are-vertically-aligned-center gt-reverse-mobile is-layout-flex wp-container-core-columns-is-layout-28f84493 wp-block-columns-is-layout-flex\">\n<div class=\"wp-block-column is-vertically-aligned-center is-layout-flow wp-block-column-is-layout-flow\" style=\"padding-right:var(--wp--preset--spacing--30);padding-left:0\">\n<figure class=\"wp-block-image size-full has-custom-border animated fadeInLeft slow\"><img decoding=\"async\" width=\"1920\" height=\"2560\" src=\"https:\/\/camping-emeraude-verdon.fr\/wp-content\/uploads\/2025\/12\/Visites-Les-Gorges-du-Verdon-scaled.jpg\" alt=\"Les Gorges du Verdon Tours\" class=\"wp-image-2814\" style=\"border-radius:30px\" srcset=\"https:\/\/camping-emeraude-verdon.fr\/wp-content\/uploads\/2025\/12\/Visites-Les-Gorges-du-Verdon-scaled.jpg 1920w, https:\/\/camping-emeraude-verdon.fr\/wp-content\/uploads\/2025\/12\/Visites-Les-Gorges-du-Verdon-225x300.jpg 225w, https:\/\/camping-emeraude-verdon.fr\/wp-content\/uploads\/2025\/12\/Visites-Les-Gorges-du-Verdon-768x1024.jpg 768w, https:\/\/camping-emeraude-verdon.fr\/wp-content\/uploads\/2025\/12\/Visites-Les-Gorges-du-Verdon-1152x1536.jpg 1152w, https:\/\/camping-emeraude-verdon.fr\/wp-content\/uploads\/2025\/12\/Visites-Les-Gorges-du-Verdon-1536x2048.jpg 1536w\" sizes=\"(max-width: 1920px) 100vw, 1920px\" \/><\/figure>\n<\/div>\n\n\n\n<div class=\"wp-block-column is-vertically-aligned-center is-layout-flow wp-block-column-is-layout-flow\" style=\"padding-right:var(--wp--preset--spacing--40);padding-left:var(--wp--preset--spacing--30)\">\n<h2 class=\"wp-block-heading\" style=\"padding-bottom:var(--wp--preset--spacing--20)\"><strong>Thrills and spills<\/strong> <em>in the Gorges du Verdon<\/em><\/h2>\n\n\n\n<p>If you&#8217;re looking for a <strong>thrill<\/strong>, the Gorges du Verdon are the place for you. Canyoning and rafting are two must-do activities to experience intense moments in this <g id=\"gid_1\">spectacular natural environment<\/g>. Rafting down the tumultuous waters of the Gorges du Verdon and canyoning through the canyon offer unique sensations, while allowing you to<g id=\"gid_2\">explore the wildest corners of<\/g> the canyon. These activities are suitable for beginners as well as the more experienced, under the supervision of professional guides.   <br\/><\/p>\n<\/div>\n<\/div>\n<\/div>\n\n<div class=\"wp-block-group alignfull section-two is-layout-flow wp-block-group-is-layout-flow\">\n<div data-swiper=\"{&quot;speed&quot;:1000,&quot;autoplay&quot;:{&quot;delay&quot;:5000,&quot;disableOnInteraction&quot;:false},&quot;spaceBetween&quot;:0,&quot;slidesPerView&quot;:1,&quot;pagination&quot;:{&quot;el&quot;:&quot;.swiper-pagination&quot;,&quot;dynamicBullets&quot;:true,&quot;clickable&quot;:true,&quot;type&quot;:&quot;bullets&quot;},&quot;navigation&quot;:{&quot;nextEl&quot;:&quot;.swiper-button-next&quot;,&quot;prevEl&quot;:&quot;.swiper-button-prev&quot;},&quot;breakpoints&quot;:[{&quot;slidesPerView&quot;:1}]}\" class=\"wp-block-cover has-parallax\" style=\"min-height:70vh;aspect-ratio:unset;\"><div role=\"img\" aria-label=\"p\u00e9dalos dans les gorges du verdon\" class=\"wp-block-cover__image-background wp-image-2145 size-full has-parallax\" style=\"background-position:50% 50%;background-image:url(https:\/\/camping-emeraude-verdon.fr\/wp-content\/uploads\/2025\/11\/pedalos-dans-les-gorges-du-verdon-1-scaled.jpg)\"><\/div><span aria-hidden=\"true\" class=\"wp-block-cover__background has-background-dim-0 has-background-dim\" style=\"background-color:#78806c\"><\/span><div class=\"wp-block-cover__inner-container has-global-padding is-layout-constrained wp-block-cover-is-layout-constrained\">\n<p class=\"has-text-align-center has-large-font-size\"><\/p>\n<\/div><\/div>\n\n\n\n<div class=\"wp-block-group alignfull has-contrast-2-background-color has-background is-layout-flow wp-block-group-is-layout-flow\" style=\"margin-top:0px;padding-top:var(--wp--preset--spacing--60);padding-right:var(--wp--preset--spacing--50);padding-bottom:var(--wp--preset--spacing--60);padding-left:var(--wp--preset--spacing--50)\">\n<div class=\"wp-block-columns is-layout-flex wp-container-core-columns-is-layout-28f84493 wp-block-columns-is-layout-flex\">\n<div class=\"wp-block-column col-heberg is-layout-flow wp-block-column-is-layout-flow\" style=\"flex-basis:30%\">\n<div data-swiper=\"{&quot;speed&quot;:1000,&quot;autoplay&quot;:{&quot;delay&quot;:5000,&quot;disableOnInteraction&quot;:false},&quot;spaceBetween&quot;:0,&quot;slidesPerView&quot;:1,&quot;pagination&quot;:{&quot;el&quot;:&quot;.swiper-pagination&quot;,&quot;dynamicBullets&quot;:true,&quot;clickable&quot;:true,&quot;type&quot;:&quot;bullets&quot;},&quot;navigation&quot;:{&quot;nextEl&quot;:&quot;.swiper-button-next&quot;,&quot;prevEl&quot;:&quot;.swiper-button-prev&quot;},&quot;breakpoints&quot;:[{&quot;slidesPerView&quot;:1}]}\" class=\"wp-block-cover is-light has-custom-content-position is-position-bottom-center has-border-color has-base-border-color\" style=\"border-width:2px;border-radius:30px;min-height:750px;aspect-ratio:unset;\"><img decoding=\"async\" width=\"1920\" height=\"2560\" class=\"wp-block-cover__image-background wp-image-2805 size-full\" alt=\"Excursion Les Gorges du Verdon\" src=\"https:\/\/camping-emeraude-verdon.fr\/wp-content\/uploads\/2025\/12\/Excursion-Les-Gorges-du-Verdon-scaled.jpg\" data-object-fit=\"cover\" srcset=\"https:\/\/camping-emeraude-verdon.fr\/wp-content\/uploads\/2025\/12\/Excursion-Les-Gorges-du-Verdon-scaled.jpg 1920w, https:\/\/camping-emeraude-verdon.fr\/wp-content\/uploads\/2025\/12\/Excursion-Les-Gorges-du-Verdon-225x300.jpg 225w, https:\/\/camping-emeraude-verdon.fr\/wp-content\/uploads\/2025\/12\/Excursion-Les-Gorges-du-Verdon-768x1024.jpg 768w, https:\/\/camping-emeraude-verdon.fr\/wp-content\/uploads\/2025\/12\/Excursion-Les-Gorges-du-Verdon-1152x1536.jpg 1152w, https:\/\/camping-emeraude-verdon.fr\/wp-content\/uploads\/2025\/12\/Excursion-Les-Gorges-du-Verdon-1536x2048.jpg 1536w\" sizes=\"(max-width: 1920px) 100vw, 1920px\" \/><span aria-hidden=\"true\" class=\"wp-block-cover__background has-background-dim-0 has-background-dim has-background-gradient\" style=\"background:linear-gradient(0deg,rgb(32,57,31) 6%,rgba(31,56,30,0.51) 26%,rgba(161,166,28,0) 100%)\"><\/span><div class=\"wp-block-cover__inner-container has-global-padding is-layout-constrained wp-block-cover-is-layout-constrained\">\n<p class=\"has-text-align-center has-large-font-size\"><\/p>\n<\/div><\/div>\n<\/div>\n\n\n\n<div class=\"wp-block-column animated fadeIn slow is-layout-flow wp-block-column-is-layout-flow\" style=\"padding-right:0;padding-left:var(--wp--preset--spacing--30);flex-basis:70%\">\n<h2 class=\"wp-block-heading has-base-color has-text-color has-link-color wp-elements-4e2a590e693ca8dd201b52df5872ed76\" style=\"padding-bottom:var(--wp--preset--spacing--10)\"><strong>Tips<\/strong> <em>to visit the Gorges du Verdon<\/em><\/h2>\n\n\n\n<p class=\"has-base-color has-text-color has-link-color wp-elements-c0b13a0943e967c950a758a0e087ca0e\">To make the most of the Gorges du Verdon, here are a few practical tips: it&#8217;s best to <strong>visit the gorges early in the morning <\/strong>or <strong>late in the afternoon <\/strong>to avoid the intense heat, especially in summer. It&#8217;s also advisable to wear good walking shoes when hiking, and to bring water with you, as access to certain viewpoints can be difficult. Don&#8217;t forget to <g id=\"gid_2\">respect the natural environment<\/g> and follow the marked itineraries to ensure your safety while <g id=\"gid_3\">discovering this natural treasure<\/g>. Marie will also be happy to advise you and guide you to the most beautiful spots not to be missed<strong>.<\/strong> The campsite is an excellent starting point for all these excursions, as well as for visiting the Var region in general.   <\/p>\n<\/div>\n<\/div>\n<\/div>\n<\/div>\n\n<div class=\"wp-block-group alignwide section-cta is-layout-flow wp-block-group-is-layout-flow\" style=\"padding-top:var(--wp--preset--spacing--20);padding-bottom:var(--wp--preset--spacing--50)\">\n<p class=\"has-text-align-center animated fadeInDown slow has-contrast-3-color has-text-color has-link-color has-darkline-font-family wp-elements-0643617e47c8f82900dceb10eab53aea\" style=\"font-size:clamp(50.171px, 3.136rem + ((1vw - 3.2px) * 5.191), 100px);line-height:1.2;text-transform:none\"><strong>Explore<\/strong><\/p>\n\n\n\n<p class=\"has-text-align-center animated fadeInDown slow has-large-font-size\" style=\"line-height:1.3;text-transform:uppercase\">must-see places and sports activities<\/p>\n\n\n\n<div data-swiper=\"{&quot;speed&quot;:400,&quot;spaceBetween&quot;:&quot;50&quot;,&quot;slidesPerView&quot;:2,&quot;createElements&quot;:true,&quot;loop&quot;:true,&quot;navigation&quot;:{&quot;nextEl&quot;:&quot;buttonNext&quot;,&quot;prevEl&quot;:&quot;buttonPrev&quot;},&quot;breakpoints&quot;:{&quot;0&quot;:{&quot;slidesPerView&quot;:1},&quot;380&quot;:{&quot;slidesPerView&quot;:&quot;1&quot;},&quot;700&quot;:{&quot;slidesPerView&quot;:2}},&quot;pagination&quot;:{&quot;el&quot;:false},&quot;autoplay&quot;:{&quot;delay&quot;:3000}}\" data-wp-context=\"{}\" data-wp-interactive=\"core\/query\" data-wp-key=\"0\" data-wp-router-region=\"query-0\" class=\"wp-block-query alignwide gt-fse-maillage-query gt-is-slider gt-is-slider-mobile is-layout-flow wp-block-query-is-layout-flow\"><ul class=\"columns-3 gt-maillage wp-block-post-template is-layout-grid wp-container-core-post-template-is-layout-6d3fbd8f wp-block-post-template-is-layout-grid\"><li data-wp-key=\"post-template-item-2550\" class=\"wp-block-post post-2550 page type-page status-publish has-post-thumbnail hentry\">\n\n<figure class=\"wp-block-image has-custom-border gt-maillage__image\"><img decoding=\"async\" src=\"https:\/\/camping-emeraude-verdon.fr\/wp-content\/uploads\/2025\/12\/lac-de-saint-croix-en-ete.jpg\" alt=\"lac de saint croix en e\u0301te\u0301\" class=\"has-border-color\" style=\"border-color:#ffffff;border-width:1px;border-radius:30px;aspect-ratio:1;object-fit:cover\"\/><\/figure>\n\n\n\n<div class=\"wp-block-group is-vertical is-layout-flex wp-container-core-group-is-layout-9944ab2f wp-block-group-is-layout-flex\" style=\"border-style:none;border-width:0px;margin-top:-125px;padding-top:var(--wp--preset--spacing--10);padding-right:var(--wp--preset--spacing--10);padding-bottom:var(--wp--preset--spacing--20);padding-left:var(--wp--preset--spacing--20)\">\n<figure class=\"wp-block-image is-resized\" style=\"margin-top:0px;margin-right:0px;margin-bottom:0px;margin-left:1px\"><img decoding=\"async\" src=\"data:image\/svg+xml,%3Csvg width=&quot;39&quot; height=&quot;3&quot; viewBox=&quot;0 0 39 3&quot; fill=&quot;none&quot; xmlns=&quot;http:\/\/www.w3.org\/2000\/svg&quot;%3E%3Cpath d=&quot;M1 1.5H38&quot; stroke=&quot;white&quot; stroke-width=&quot;2&quot; stroke-linecap=&quot;round&quot;\/%3E%3C\/svg%3E%0A\" alt=\"\" style=\"width:37px\"\/><\/figure>\n\n\n\n<p class=\"has-base-2-color has-text-color has-link-color has-lexend-deca-font-family wp-elements-7991bbccf621f122c2963d0c11b1fc6b\" style=\"font-size:clamp(16.293px, 1.018rem + ((1vw - 3.2px) * 0.907), 25px);font-style:normal;font-weight:400;line-height:1;text-decoration:none;text-transform:uppercase\">Lake Sainte Croix<\/p>\n<\/div>\n\n\n<a class=\"is-style-lien-cover wp-block-read-more\" href=\"https:\/\/camping-emeraude-verdon.fr\/en\/tourism-lake-sainte-croix-provence\/\" target=\"_self\">Read more<span class=\"screen-reader-text\">: Lake Sainte-Croix and its Villages<\/span><\/a>\n<\/li><li data-wp-key=\"post-template-item-2548\" class=\"wp-block-post post-2548 page type-page status-publish has-post-thumbnail hentry\">\n\n<figure class=\"wp-block-image has-custom-border gt-maillage__image\"><img decoding=\"async\" src=\"https:\/\/camping-emeraude-verdon.fr\/wp-content\/uploads\/2025\/12\/sport-et-plein-air-dans-le-Var.webp\" alt=\"sport and outdoor activities in the Var\" class=\"has-border-color\" style=\"border-color:#ffffff;border-width:1px;border-radius:30px;aspect-ratio:1;object-fit:cover\"\/><\/figure>\n\n\n\n<div class=\"wp-block-group is-vertical is-layout-flex wp-container-core-group-is-layout-9944ab2f wp-block-group-is-layout-flex\" style=\"border-style:none;border-width:0px;margin-top:-125px;padding-top:var(--wp--preset--spacing--10);padding-right:var(--wp--preset--spacing--10);padding-bottom:var(--wp--preset--spacing--20);padding-left:var(--wp--preset--spacing--20)\">\n<figure class=\"wp-block-image is-resized\" style=\"margin-top:0px;margin-right:0px;margin-bottom:0px;margin-left:1px\"><img decoding=\"async\" src=\"data:image\/svg+xml,%3Csvg width=&quot;39&quot; height=&quot;3&quot; viewBox=&quot;0 0 39 3&quot; fill=&quot;none&quot; xmlns=&quot;http:\/\/www.w3.org\/2000\/svg&quot;%3E%3Cpath d=&quot;M1 1.5H38&quot; stroke=&quot;white&quot; stroke-width=&quot;2&quot; stroke-linecap=&quot;round&quot;\/%3E%3C\/svg%3E%0A\" alt=\"\" style=\"width:37px\"\/><\/figure>\n\n\n\n<p class=\"has-base-2-color has-text-color has-link-color has-lexend-deca-font-family wp-elements-7991bbccf621f122c2963d0c11b1fc6b\" style=\"font-size:clamp(16.293px, 1.018rem + ((1vw - 3.2px) * 0.907), 25px);font-style:normal;font-weight:400;line-height:1;text-decoration:none;text-transform:uppercase\">Sports and outdoors<\/p>\n<\/div>\n\n\n<a class=\"is-style-lien-cover wp-block-read-more\" href=\"https:\/\/camping-emeraude-verdon.fr\/en\/outdoor-sports-activities-var\/\" target=\"_self\">Read more<span class=\"screen-reader-text\">: Sports and outdoors<\/span><\/a>\n<\/li><li data-wp-key=\"post-template-item-2557\" class=\"wp-block-post post-2557 page type-page status-publish has-post-thumbnail hentry\">\n\n<figure class=\"wp-block-image has-custom-border gt-maillage__image\"><img decoding=\"async\" src=\"https:\/\/camping-emeraude-verdon.fr\/wp-content\/uploads\/2025\/12\/Le-Var.webp\" alt=\"The Var\" class=\"has-border-color\" style=\"border-color:#ffffff;border-width:1px;border-radius:30px;aspect-ratio:1;object-fit:cover\"\/><\/figure>\n\n\n\n<div class=\"wp-block-group is-vertical is-layout-flex wp-container-core-group-is-layout-9944ab2f wp-block-group-is-layout-flex\" style=\"border-style:none;border-width:0px;margin-top:-125px;padding-top:var(--wp--preset--spacing--10);padding-right:var(--wp--preset--spacing--10);padding-bottom:var(--wp--preset--spacing--20);padding-left:var(--wp--preset--spacing--20)\">\n<figure class=\"wp-block-image is-resized\" style=\"margin-top:0px;margin-right:0px;margin-bottom:0px;margin-left:1px\"><img decoding=\"async\" src=\"data:image\/svg+xml,%3Csvg width=&quot;39&quot; height=&quot;3&quot; viewBox=&quot;0 0 39 3&quot; fill=&quot;none&quot; xmlns=&quot;http:\/\/www.w3.org\/2000\/svg&quot;%3E%3Cpath d=&quot;M1 1.5H38&quot; stroke=&quot;white&quot; stroke-width=&quot;2&quot; stroke-linecap=&quot;round&quot;\/%3E%3C\/svg%3E%0A\" alt=\"\" style=\"width:37px\"\/><\/figure>\n\n\n\n<p class=\"has-base-2-color has-text-color has-link-color has-lexend-deca-font-family wp-elements-7991bbccf621f122c2963d0c11b1fc6b\" style=\"font-size:clamp(16.293px, 1.018rem + ((1vw - 3.2px) * 0.907), 25px);font-style:normal;font-weight:400;line-height:1;text-decoration:none;text-transform:uppercase\">The Var<\/p>\n<\/div>\n\n\n<a class=\"is-style-lien-cover wp-block-read-more\" href=\"https:\/\/camping-emeraude-verdon.fr\/en\/tourism-var\/\" target=\"_self\">Read more<span class=\"screen-reader-text\">: Var<\/span><\/a>\n<\/li><\/ul><\/div>\n<\/div>\n","protected":false},"excerpt":{"rendered":"<p>The Gorges du Verdon: a unique natural treasure in the Var region The Gorges du Verdon are one of the most beautiful natural sites in the Provence-Alpes-C\u00f4te d&#8217;Azur region, and a must-see when camping in the Var. The best things to do in the Gorges du Verdon The Gorges du Verdon are a veritable playground [&hellip;]<\/p>\n","protected":false},"author":1,"featured_media":2825,"parent":0,"menu_order":0,"comment_status":"closed","ping_status":"closed","template":"","meta":{"_seopress_robots_primary_cat":"","_seopress_titles_title":"Visiter, d\u00e9couvrir les Gorges du Verdon","_seopress_titles_desc":"D\u00e9couvrez les Gorges du Verdon pr\u00e8s de notre camping dans le Var : randonn\u00e9e, sports nautiques, canyoning et villages pittoresques pour un s\u00e9jour inoubliable au c\u0153ur de la nature.","_seopress_robots_index":"","_gt_ctv_global_id":"8073","_gt_ctv_id_group":false,"inline_featured_image":false,"gt_fse_maillage_image":"https:\/\/camping-emeraude-verdon.fr\/wp-content\/uploads\/2025\/11\/Gorges-du-Verdon.jpg","gt_fse_maillage_titre":"The Gorges du Verdon","gt_fse_maillage_alt":"Gorges du Verdon","gt_fse_maillage_resume":"","footnotes":""},"categories":[],"tags":[],"class_list":["post-2549","page","type-page","status-publish","has-post-thumbnail","hentry"],"_links":{"self":[{"href":"https:\/\/camping-emeraude-verdon.fr\/en\/wp-json\/wp\/v2\/pages\/2549","targetHints":{"allow":["GET"]}}],"collection":[{"href":"https:\/\/camping-emeraude-verdon.fr\/en\/wp-json\/wp\/v2\/pages"}],"about":[{"href":"https:\/\/camping-emeraude-verdon.fr\/en\/wp-json\/wp\/v2\/types\/page"}],"author":[{"embeddable":true,"href":"https:\/\/camping-emeraude-verdon.fr\/en\/wp-json\/wp\/v2\/users\/1"}],"replies":[{"embeddable":true,"href":"https:\/\/camping-emeraude-verdon.fr\/en\/wp-json\/wp\/v2\/comments?post=2549"}],"version-history":[{"count":16,"href":"https:\/\/camping-emeraude-verdon.fr\/en\/wp-json\/wp\/v2\/pages\/2549\/revisions"}],"predecessor-version":[{"id":3136,"href":"https:\/\/camping-emeraude-verdon.fr\/en\/wp-json\/wp\/v2\/pages\/2549\/revisions\/3136"}],"wp:featuredmedia":[{"embeddable":true,"href":"https:\/\/camping-emeraude-verdon.fr\/en\/wp-json\/wp\/v2\/media\/2825"}],"wp:attachment":[{"href":"https:\/\/camping-emeraude-verdon.fr\/en\/wp-json\/wp\/v2\/media?parent=2549"}],"wp:term":[{"taxonomy":"category","embeddable":true,"href":"https:\/\/camping-emeraude-verdon.fr\/en\/wp-json\/wp\/v2\/categories?post=2549"},{"taxonomy":"post_tag","embeddable":true,"href":"https:\/\/camping-emeraude-verdon.fr\/en\/wp-json\/wp\/v2\/tags?post=2549"}],"curies":[{"name":"wp","href":"https:\/\/api.w.org\/{rel}","templated":true}]}}